{"id":203,"date":"2020-03-14T17:41:15","date_gmt":"2020-03-14T16:41:15","guid":{"rendered":"http:\/\/www.asso-audrey.org\/?page_id=203"},"modified":"2020-03-14T17:49:30","modified_gmt":"2020-03-14T16:49:30","slug":"la-maladie","status":"publish","type":"page","link":"https:\/\/www.asso-audrey.org\/?page_id=203","title":{"rendered":"La maladie"},"content":{"rendered":"\n<h2 class=\"is-style-vk-heading-background_fill_lightgray wp-block-heading\"> La maladie <\/h2>\n\n\n<div class=\"isoBlockPosition-none isoFloatClear-none fontFamilyStandardText fontSizeNormal fontColorStandardText \">\n<p align=\"left\">Les m\u00e9ningites sont des\u00a0<b>affections<\/b>\u00a0qui peuvent \u00eatre graves. Elles n\u00e9cessitent donc une\u00a0<b>prise en charge rapide et adapt\u00e9e.<\/b><\/p>\n<\/div>\n<div class=\"isoBlockPosition-none isoFloatClear-none fontFamilyStandardText fontSizeNormal fontColorStandardText \">\n<p align=\"left\">Elles concernent toutes les tranches d\u2019\u00e2ge de la population, mais\u00a0<b>plus particuli\u00e8rement les enfants en bas \u00e2ge et les adolescents.<\/b><\/p>\n<\/div>\n<div class=\"isoBlockPosition-none isoFloatClear-none fontFamilyStandardText fontSizeNormal fontColorStandardText \">\n<p align=\"left\">Les m\u00e9ninges sont form\u00e9es de feuillets enveloppant le cerveau et moelle \u00e9pini\u00e8re. Elles contiennent un liquide appel\u00e9 \u00ab\u00a0liquide c\u00e9phalorachidien\u00a0\u00bb (LCR), normalement st\u00e9rile. Lorsqu\u2019un germe envahit le LCR et s\u2019y d\u00e9veloppe, il provoque\u00a0<b>une inflammation des m\u00e9ninges,<\/b>\u00a0appel\u00e9e \u00ab\u00a0m\u00e9ningite\u00a0\u00bb.<br \/><br \/><\/p>\n<\/div>\n\n\n<div class=\"wp-block-image is-style-vk-image-border\"><figure class=\"aligncenter size-full is-resized\"><img data-recalc-dims=\"1\" loading=\"lazy\" decoding=\"async\" src=\"https:\/\/i0.wp.com\/www.asso-audrey.org\/wp-content\/uploads\/2020\/03\/meningite.jpg?resize=494%2C340&#038;ssl=1\" alt=\"\" class=\"wp-image-54\" width=\"494\" height=\"340\" srcset=\"https:\/\/i0.wp.com\/www.asso-audrey.org\/wp-content\/uploads\/2020\/03\/meningite.jpg?w=1022&amp;ssl=1 1022w, https:\/\/i0.wp.com\/www.asso-audrey.org\/wp-content\/uploads\/2020\/03\/meningite.jpg?resize=300%2C207&amp;ssl=1 300w\" sizes=\"auto, (max-width: 494px) 100vw, 494px\" \/><\/figure><\/div>\n\n\n<p style=\"text-align: center;\"><span style=\"color: #999999;\">Photo de la bact\u00e9rie<br \/><br \/><\/span><\/p>\n\n<p>Bien que les sympt\u00f4mes soient similaires, il existe\u00a0<b>diff\u00e9rents types de m\u00e9ningites<\/b>, suivant le germe en cause :<\/p>\n<ul class=\"fontFamilyStandardText fontSizeNormal fontColorStandardText \" type=\"disc\">\n<li>Les m\u00e9ningites virales<br \/><br \/><\/li>\n<li>Les m\u00e9ningites bact\u00e9riennes.<\/li>\n<\/ul>","protected":false},"excerpt":{"rendered":"<p>La maladie Les m\u00e9ningites sont des\u00a0affections\u00a0qui peuvent \u00eatre graves. Elles n\u00e9cessitent donc une\u00a0prise en charge rapide et adapt\u00e9e. Elles concernent toutes les tranches d\u2019\u00e2ge de la population, mais\u00a0plus particuli\u00e8rement les enfants en bas \u00e2ge et les adolescents. Les m\u00e9ninges sont form\u00e9es de feuillets enveloppant le cerveau et moelle \u00e9pini\u00e8re. Elles contiennent un liquide appel\u00e9 \u00ab\u00a0liquide [&hellip;]<\/p>\n","protected":false},"author":1,"featured_media":0,"parent":173,"menu_order":2,"comment_status":"closed","ping_status":"closed","template":"","meta":{"vkexunit_cta_each_option":"","footnotes":""},"folder":[],"class_list":["post-203","page","type-page","status-publish","hentry"],"jetpack_shortlink":"https:\/\/wp.me\/PbNfD9-3h","jetpack_sharing_enabled":true,"_links":{"self":[{"href":"https:\/\/www.asso-audrey.org\/index.php?rest_route=\/wp\/v2\/pages\/203","targetHints":{"allow":["GET"]}}],"collection":[{"href":"https:\/\/www.asso-audrey.org\/index.php?rest_route=\/wp\/v2\/pages"}],"about":[{"href":"https:\/\/www.asso-audrey.org\/index.php?rest_route=\/wp\/v2\/types\/page"}],"author":[{"embeddable":true,"href":"https:\/\/www.asso-audrey.org\/index.php?rest_route=\/wp\/v2\/users\/1"}],"replies":[{"embeddable":true,"href":"https:\/\/www.asso-audrey.org\/index.php?rest_route=%2Fwp%2Fv2%2Fcomments&post=203"}],"version-history":[{"count":12,"href":"https:\/\/www.asso-audrey.org\/index.php?rest_route=\/wp\/v2\/pages\/203\/revisions"}],"predecessor-version":[{"id":216,"href":"https:\/\/www.asso-audrey.org\/index.php?rest_route=\/wp\/v2\/pages\/203\/revisions\/216"}],"up":[{"embeddable":true,"href":"https:\/\/www.asso-audrey.org\/index.php?rest_route=\/wp\/v2\/pages\/173"}],"wp:attachment":[{"href":"https:\/\/www.asso-audrey.org\/index.php?rest_route=%2Fwp%2Fv2%2Fmedia&parent=203"}],"wp:term":[{"taxonomy":"folder","embeddable":true,"href":"https:\/\/www.asso-audrey.org\/index.php?rest_route=%2Fwp%2Fv2%2Ffolder&post=203"}],"curies":[{"name":"wp","href":"https:\/\/api.w.org\/{rel}","templated":true}]}}